{"id":31,"date":"2020-03-28T20:54:09","date_gmt":"2020-03-28T20:54:09","guid":{"rendered":"http:\/\/slowlife.ludwigmuseum.hu\/?page_id=31"},"modified":"2021-10-21T08:19:52","modified_gmt":"2021-10-21T08:19:52","slug":"intro","status":"publish","type":"page","link":"https:\/\/slowlife.ludwigmuseum.hu\/de\/intro\/","title":{"rendered":"Einleitung"},"content":{"rendered":"<p><strong>Einf\u00fchrung<\/strong><\/p>\n<p>Die Idee der \u201eAusstellung Slow Life. <em>Radikale Praktiken des Alltags\u201c<\/em> wurde vor fast zwei Jahren vom Kuratorenteam des Ludwig Museums Budapest konzipiert und seither vorbereitet. Man konnte nicht ahnen, dass die f\u00fcr April 2020 geplante, f\u00fcnfmonatige Ausstellungs- und Programmreihe, \u00a0sich mit Themen besch\u00e4ftigen w\u00fcrde, die durch die globale Covid-19-Epidemie unmittelbar bevorstehend und dr\u00e4ngend werden w\u00fcrden. \u201eSlow Life&#8220; ist pl\u00f6tzlich eine allt\u00e4gliche Realit\u00e4t geworden, eine erzwungene Lebensweise in der globalen Welt.<\/p>\n<p>Wie es zur Einf\u00fchrung zur Ausstellung formuliert wurde: \u201e<em>Der langsame Ansatz stellt eine Notwendigkeit dar, bestehende Strukturen zu \u00fcberdenken und etablierte Praktiken in den Bereichen Gesellschaft, Wirtschaft und Alltagsleben neu zu organisieren. Sein Wesen l\u00e4sst sich am besten durch Bewusstsein und eine kritische Haltung ausdr\u00fccken, vom ethischen Konsum und freiwilliger Einfachheit bis hin zum Konzept einer wachstumslosen Wirtschaft.<\/em>\u201c<\/p>\n<p>Die \u201eQuarant\u00e4ne des Konsums\u201c, die \u201eStay Home\u201c-Bewegung, der R\u00fcckgang des Flugverkehrs, die sich verlangsamende Wirtschaft sind nur einige der unerwarteten Folgen des Virus, die r\u00fccksichtslos auf die positiven Auswirkungen eines langsameren Lebens hinweisen, aber auch enorme Herausforderungen f\u00fcr die Menschheit darstellen.<\/p>\n<p>Die aktuelle Situation wirkte sich auch auf die Vorbereitung und Durchf\u00fchrung der Ausstellung aus, sodass die Ausstellung in Budapest zun\u00e4chst nur digital stattfinden konnte. Eigens f\u00fcr die Ausstellung konzipierten die Kuratoren diese Online-Pr\u00e4sentation, die \u00fcber die k\u00fcnstlerischen Positionen der Ausstellung hinaus Inhalte zum Hintergrund der Ausstellung \u00a0und damit verbundenen Theorien und Ans\u00e4tze informiert.<\/p>\n<p>Die Ausstellung hat ihre Premiere nun im Ludwig Museum in Koblenz, wo sie vom 1. November 2020 bis zum 24. Januar 2020 pr\u00e4sentiert wird. Daran anschlie\u00dfend wird sie 2021 in Budapest gezeigt. Auf eine besondere Art flie\u00dfen in diesem partnerschaftlichen Miteinander beider befreundeten Ludwig Museen durch die gemeinsame Realisation ebenfalls Aspekte von Nachhaltigkeit, Ressourcen-Verteilung und \u201eSlow life\u201c zusammen.<\/p>\n<p><img loading=\"lazy\" decoding=\"async\" class=\"alignnone wp-image-49\" src=\"http:\/\/slowlife.ludwigmuseum.hu\/wp-content\/uploads\/2020\/03\/slow_1920x1080-1-300x169.jpg\" alt=\"\" width=\"421\" height=\"237\" srcset=\"https:\/\/slowlife.ludwigmuseum.hu\/wp-content\/uploads\/2020\/03\/slow_1920x1080-1-300x169.jpg 300w, https:\/\/slowlife.ludwigmuseum.hu\/wp-content\/uploads\/2020\/03\/slow_1920x1080-1-800x450.jpg 800w, https:\/\/slowlife.ludwigmuseum.hu\/wp-content\/uploads\/2020\/03\/slow_1920x1080-1-1250x703.jpg 1250w, https:\/\/slowlife.ludwigmuseum.hu\/wp-content\/uploads\/2020\/03\/slow_1920x1080-1-768x432.jpg 768w, https:\/\/slowlife.ludwigmuseum.hu\/wp-content\/uploads\/2020\/03\/slow_1920x1080-1-1536x864.jpg 1536w, https:\/\/slowlife.ludwigmuseum.hu\/wp-content\/uploads\/2020\/03\/slow_1920x1080-1-1200x675.jpg 1200w, https:\/\/slowlife.ludwigmuseum.hu\/wp-content\/uploads\/2020\/03\/slow_1920x1080-1-1024x576.jpg 1024w, https:\/\/slowlife.ludwigmuseum.hu\/wp-content\/uploads\/2020\/03\/slow_1920x1080-1.jpg 1920w\" sizes=\"auto, (max-width: 421px) 100vw, 421px\" \/><\/p>\n<p><strong>\u00dcber die Ausstellung<\/strong><\/p>\n<p>\u201e<em>SLOW LIFE \u2013 Radikale Praktiken des Alltags<\/em>\u201c ist eine Gruppenausstellung mit internationaler Reichweite; ein Engagement, das \u00fcber die dr\u00e4ngenden globalen Fragen unserer Zeit nachdenkt. Slow Life \u2013 Radikale Praktiken des Alltags ist eine Gruppenausstellung mit internationaler Reichweite; ein Engagement, das \u00fcber die dr\u00e4ngenden globalen Fragen unserer Zeit nachdenkt. Die Ausstellung folgt dem Ansatz, dass die Welt sich in einer Krise befindet \u2013 bestehende Sozial- und Wirtschaftssysteme sowie Konsum- und Verbrauchskultur haben ernsthafte Umweltprobleme verursacht. Unsere gegenw\u00e4rtigen Praktiken bieten keine wirklichen L\u00f6sungen, um unseren \u00fcberm\u00e4\u00dfigen Verbrauch, die daraus folgende Abfallproduktion und die Ausbeutung nat\u00fcrlicher Ressourcen unter Kontrolle zu halten.<\/p>\n<p>Der langsame Ansatz bedeutet die Notwendigkeit, bestehende Strukturen zu \u00fcberdenken und etablierte Praktiken in den Bereichen Gesellschaft, Wirtschaft und Alltagsleben neu zu organisieren. Sein Wesen kann am besten durch Bewusstsein und eine kritische Haltung zum Ausdruck gebracht werden, die immer mehr m\u00f6gliche Alternativen hervorbringen, von der Permakultur-Landwirtschaft bis zum Null-Abfall-Haushalt, von der freiwilligen Einfachheit bis zum Konzept einer wachstumsfreien Wirtschaft.<\/p>\n<p>Die Anf\u00e4nge der <em>Slow-Revolution<\/em> gehen auf die 1980er Jahre zur\u00fcck, auf die Proteste gegen Fast-Food-Restaurants, welche die Aufmerksamkeit auf die Bedeutung gesunder, qualitativ hochwertiger Lebensmittel aus lokaler Quelle lenkte. Carlo Petrinis gastronomische Initiative hat sich im Laufe der Jahrzehnte zu einer globalen Bewegung entwickelt, die viele Bereiche vom Arbeitsplatz bis zu Reisen und von Design bis zum Medienkonsum umfasst. Die Ausstellung konzentriert sich jedoch nicht auf die heute so popul\u00e4ren &#8222;Slow Living&#8220;-Bewegungen, von denen einige ihre Aktivit\u00e4ten darauf beschr\u00e4nken, neue Produkte und Dienstleistungen zum Verkauf anzubieten. Vielmehr stellt sie alternative Praktiken, allt\u00e4gliche &#8222;Revolutionen&#8220;, sanfte oder sogar radikale Ans\u00e4tze vor, die das bestehende wachstums- und profitorientierte System in Frage stellen, einen Ausweg aus der Konsumspirale zeigen oder eine Haltung vertreten, die auf dem Momentum statt auf einem hektischen Lebensstil beruht. Das breite Spektrum der ausgestellten Gattungen umfasst Kunstwerke, die auf kritischem Denken basieren, w\u00e4hrend andere utopische Modelle f\u00fcr zuk\u00fcnftige Herausforderungen anbieten oder uns dazu anregen, unsere Konsumgewohnheiten im Kunstbereich sowie die Klischees der Wahrnehmung und Rezeption im Zusammenhang mit Kunst zu ver\u00e4ndern.<\/p>\n<p>Ziel der Ausstellung ist es, die Umweltauswirkungen und Ausbeutungspraktiken aufzuzeigen, die zu den aktuellen globalen Umwelt-, Wirtschafts- und Sozialproblemen gef\u00fchrt haben. Dar\u00fcber hinaus m\u00f6chte die Ausstellung eine breitere Plattform f\u00fcr k\u00fcnstlerische Positionen zu schaffen, die Nachhaltigkeit betonen und alternative Lebensweisen anbieten.<\/p>\n<p>&nbsp;<\/p>\n<p>Die Ausstellung wurde vom Kuratorenteam des Museums Ludwig organisiert: Petra Csizek, Jan Elantkowski, J\u00f3zsef K\u00e9szman, Zsuzska Petr\u00f3, Vikt\u00f3ria Popovics, Krisztina \u00dcveges<\/p>\n<p>Ausstellende K\u00fcnstler in Koblenz:\u00a0 <a href=\"http:\/\/slowlife.ludwigmuseum.hu\/de\/artist\/bartha-gabo\/\">Gab\u00f3 BARTHA<\/a> | <a href=\"http:\/\/slowlife.ludwigmuseum.hu\/de\/artist\/benczur-emese\/\">Emese BENCZ\u00daR<\/a> | <a href=\"http:\/\/slowlife.ludwigmuseum.hu\/de\/artist\/benera-anca-and-estefan-arnold\/\">Anca BENERA &amp; Arnold ESTEF\u00c1N<\/a> | <a href=\"http:\/\/slowlife.ludwigmuseum.hu\/de\/artist\/erdei-krisztina\/\">Krisztina ERDEI<\/a> | <a href=\"http:\/\/slowlife.ludwigmuseum.hu\/de\/artist\/horvath-r-gideon\/\">Gideon HORV\u00c1TH<\/a> | <a href=\"http:\/\/slowlife.ludwigmuseum.hu\/de\/artist\/hudec-oto\/\">Oto HUDEC<\/a> | <a href=\"http:\/\/slowlife.ludwigmuseum.hu\/de\/artist\/kaszas-tamas\/\">Tam\u00e1s KASZ\u00c1S<\/a> | <a href=\"http:\/\/slowlife.ludwigmuseum.hu\/de\/artist\/koronczi-endre\/\">Endre KORONCZI<\/a> | <a href=\"http:\/\/slowlife.ludwigmuseum.hu\/de\/artist\/lelonek-diana\/\">Diana LELONEK<\/a> | <a href=\"http:\/\/slowlife.ludwigmuseum.hu\/de\/artist\/matyasi-peter\/\">P\u00e9ter M\u00c1TY\u00c1SI<\/a> | <a href=\"http:\/\/slowlife.ludwigmuseum.hu\/de\/artist\/ressler-oliver\/\">Oliver RESSLER<\/a> | <a href=\"http:\/\/slowlife.ludwigmuseum.hu\/de\/artist\/schuller-judit-flora\/\">Judit Fl\u00f3ra SCHULLER<\/a> | <a href=\"http:\/\/slowlife.ludwigmuseum.hu\/de\/artist\/suveges-rita\/\">Rita S\u00dcVEGES<\/a> | <a href=\"http:\/\/slowlife.ludwigmuseum.hu\/de\/artist\/szabo-eszter-agnes-syporca-whandal\/\">Eszter \u00c1gnes SZAB\u00d3 &amp; Syporca WHANDAL<\/a> | <a href=\"http:\/\/slowlife.ludwigmuseum.hu\/de\/artist\/weinberger-lois\/\">Lois WEINBERGER<\/a> | <a href=\"http:\/\/slowlife.ludwigmuseum.hu\/de\/artist\/zilahi-anna\/\">Anna ZILAHI<\/a><\/p>\n<p><a href=\"http:\/\/slowlife.ludwigmuseum.hu\/intro\/attachment\/ludwig_logo_vert_en_red-2\/\" rel=\"attachment wp-att-1214\"><img loading=\"lazy\" decoding=\"async\" class=\"alignnone wp-image-1214\" src=\"http:\/\/slowlife.ludwigmuseum.hu\/wp-content\/uploads\/2020\/10\/Ludwig_logo_VERT_EN_RED-1-800x533.jpg\" alt=\"\" width=\"303\" height=\"202\" srcset=\"https:\/\/slowlife.ludwigmuseum.hu\/wp-content\/uploads\/2020\/10\/Ludwig_logo_VERT_EN_RED-1-800x533.jpg 800w, https:\/\/slowlife.ludwigmuseum.hu\/wp-content\/uploads\/2020\/10\/Ludwig_logo_VERT_EN_RED-1-1250x833.jpg 1250w, https:\/\/slowlife.ludwigmuseum.hu\/wp-content\/uploads\/2020\/10\/Ludwig_logo_VERT_EN_RED-1-768x512.jpg 768w, https:\/\/slowlife.ludwigmuseum.hu\/wp-content\/uploads\/2020\/10\/Ludwig_logo_VERT_EN_RED-1-1536x1024.jpg 1536w, https:\/\/slowlife.ludwigmuseum.hu\/wp-content\/uploads\/2020\/10\/Ludwig_logo_VERT_EN_RED-1-2048x1365.jpg 2048w, https:\/\/slowlife.ludwigmuseum.hu\/wp-content\/uploads\/2020\/10\/Ludwig_logo_VERT_EN_RED-1-1200x800.jpg 1200w, https:\/\/slowlife.ludwigmuseum.hu\/wp-content\/uploads\/2020\/10\/Ludwig_logo_VERT_EN_RED-1-1980x1320.jpg 1980w\" sizes=\"auto, (max-width: 303px) 100vw, 303px\" \/><\/a><a href=\"http:\/\/slowlife.ludwigmuseum.hu\/intro\/attachment\/lumu-koblenz-2\/\" rel=\"attachment wp-att-1213\"><img loading=\"lazy\" decoding=\"async\" class=\"alignnone wp-image-1213\" src=\"http:\/\/slowlife.ludwigmuseum.hu\/wp-content\/uploads\/2020\/10\/lumu-koblenz-1-800x265.jpg\" alt=\"\" width=\"368\" height=\"122\" srcset=\"https:\/\/slowlife.ludwigmuseum.hu\/wp-content\/uploads\/2020\/10\/lumu-koblenz-1-800x265.jpg 800w, https:\/\/slowlife.ludwigmuseum.hu\/wp-content\/uploads\/2020\/10\/lumu-koblenz-1-768x254.jpg 768w, https:\/\/slowlife.ludwigmuseum.hu\/wp-content\/uploads\/2020\/10\/lumu-koblenz-1.jpg 1181w\" sizes=\"auto, (max-width: 368px) 100vw, 368px\" \/><\/a><\/p>","protected":false},"excerpt":{"rendered":"<p>Einf\u00fchrung Die Idee der \u201eAusstellung Slow Life. Radikale Praktiken des Alltags\u201c wurde vor fast zwei Jahren vom Kuratorenteam des Ludwig Museums Budapest konzipiert und seither vorbereitet. Man konnte nicht ahnen, dass die f\u00fcr April 2020 geplante, f\u00fcnfmonatige Ausstellungs- und Programmreihe, \u00a0sich mit Themen besch\u00e4ftigen w\u00fcrde, die durch die globale Covid-19-Epidemie unmittelbar bevorstehend und dr\u00e4ngend werden [&hellip;]<\/p>\n","protected":false},"author":1,"featured_media":0,"parent":0,"menu_order":0,"comment_status":"closed","ping_status":"closed","template":"","meta":{"footnotes":""},"class_list":["post-31","page","type-page","status-publish","hentry"],"yoast_head":"<!-- This site is optimized with the Yoast SEO plugin v27.2 - https:\/\/yoast.com\/product\/yoast-seo-wordpress\/ -->\n<title>Einleitung - SLOW LIFE.<\/title>\n<meta name=\"robots\" content=\"index, follow, max-snippet:-1, max-image-preview:large, max-video-preview:-1\" \/>\n<link rel=\"canonical\" href=\"https:\/\/slowlife.ludwigmuseum.hu\/intro\/\" \/>\n<meta property=\"og:locale\" content=\"de_DE\" \/>\n<meta property=\"og:type\" content=\"article\" \/>\n<meta property=\"og:title\" content=\"[:hu]Intro[:en]Intro[:de]Einleitung[:] - SLOW LIFE.\" \/>\n<meta property=\"og:description\" content=\"Einf\u00fchrung Die Idee der \u201eAusstellung Slow Life. Radikale Praktiken des Alltags\u201c wurde vor fast zwei Jahren vom Kuratorenteam des Ludwig Museums Budapest konzipiert und seither vorbereitet. Man konnte nicht ahnen, dass die f\u00fcr April 2020 geplante, f\u00fcnfmonatige Ausstellungs- und Programmreihe, \u00a0sich mit Themen besch\u00e4ftigen w\u00fcrde, die durch die globale Covid-19-Epidemie unmittelbar bevorstehend und dr\u00e4ngend werden [&hellip;]\" \/>\n<meta property=\"og:url\" content=\"https:\/\/slowlife.ludwigmuseum.hu\/intro\/\" \/>\n<meta property=\"og:site_name\" content=\"SLOW LIFE.\" \/>\n<meta property=\"article:modified_time\" content=\"2021-10-21T08:19:52+00:00\" \/>\n<meta property=\"og:image\" content=\"https:\/\/slowlife.ludwigmuseum.hu\/wp-content\/uploads\/2020\/04\/slowlife_1200x630.png\" \/>\n\t<meta property=\"og:image:width\" content=\"1200\" \/>\n\t<meta property=\"og:image:height\" content=\"630\" \/>\n\t<meta property=\"og:image:type\" content=\"image\/png\" \/>\n<meta name=\"twitter:card\" content=\"summary_large_image\" \/>\n<meta name=\"twitter:image\" content=\"https:\/\/slowlife.ludwigmuseum.hu\/wp-content\/uploads\/2020\/04\/slowlife_1024x512.png\" \/>\n<meta name=\"twitter:label1\" content=\"Gesch\u00e4tzte Lesezeit\" \/>\n\t<meta name=\"twitter:data1\" content=\"11\u00a0Minuten\" \/>\n<script type=\"application\/ld+json\" class=\"yoast-schema-graph\">{\"@context\":\"https:\/\/schema.org\",\"@graph\":[{\"@type\":\"WebPage\",\"@id\":\"https:\/\/slowlife.ludwigmuseum.hu\/intro\/\",\"url\":\"https:\/\/slowlife.ludwigmuseum.hu\/intro\/\",\"name\":\"[:hu]Intro[:en]Intro[:de]Einleitung[:] - SLOW LIFE.\",\"isPartOf\":{\"@id\":\"https:\/\/slowlife.ludwigmuseum.hu\/de\/#website\"},\"primaryImageOfPage\":{\"@id\":\"https:\/\/slowlife.ludwigmuseum.hu\/intro\/#primaryimage\"},\"image\":{\"@id\":\"https:\/\/slowlife.ludwigmuseum.hu\/intro\/#primaryimage\"},\"thumbnailUrl\":\"http:\/\/slowlife.ludwigmuseum.hu\/wp-content\/uploads\/2021\/07\/slow_logo_sor-800x210.png\",\"datePublished\":\"2020-03-28T20:54:09+00:00\",\"dateModified\":\"2021-10-21T08:19:52+00:00\",\"breadcrumb\":{\"@id\":\"https:\/\/slowlife.ludwigmuseum.hu\/intro\/#breadcrumb\"},\"inLanguage\":\"de\",\"potentialAction\":[{\"@type\":\"ReadAction\",\"target\":[\"https:\/\/slowlife.ludwigmuseum.hu\/intro\/\"]}]},{\"@type\":\"ImageObject\",\"inLanguage\":\"de\",\"@id\":\"https:\/\/slowlife.ludwigmuseum.hu\/intro\/#primaryimage\",\"url\":\"http:\/\/slowlife.ludwigmuseum.hu\/wp-content\/uploads\/2021\/07\/slow_logo_sor-800x210.png\",\"contentUrl\":\"http:\/\/slowlife.ludwigmuseum.hu\/wp-content\/uploads\/2021\/07\/slow_logo_sor-800x210.png\"},{\"@type\":\"BreadcrumbList\",\"@id\":\"https:\/\/slowlife.ludwigmuseum.hu\/intro\/#breadcrumb\",\"itemListElement\":[{\"@type\":\"ListItem\",\"position\":1,\"name\":\"Home\",\"item\":\"https:\/\/slowlife.ludwigmuseum.hu\/de\/\"},{\"@type\":\"ListItem\",\"position\":2,\"name\":\"Intro\"}]},{\"@type\":\"WebSite\",\"@id\":\"https:\/\/slowlife.ludwigmuseum.hu\/de\/#website\",\"url\":\"https:\/\/slowlife.ludwigmuseum.hu\/de\/\",\"name\":\"SLOW LIFE.\",\"description\":\"Radikale Praktiken des Alltags\",\"potentialAction\":[{\"@type\":\"SearchAction\",\"target\":{\"@type\":\"EntryPoint\",\"urlTemplate\":\"https:\/\/slowlife.ludwigmuseum.hu\/de\/?s={search_term_string}\"},\"query-input\":{\"@type\":\"PropertyValueSpecification\",\"valueRequired\":true,\"valueName\":\"search_term_string\"}}],\"inLanguage\":\"de\"}]}<\/script>\n<!-- \/ Yoast SEO plugin. -->","yoast_head_json":{"title":"[:hu]Intro[:en]Intro[:de]Einleitung[:] - SLOW LIFE.","robots":{"index":"index","follow":"follow","max-snippet":"max-snippet:-1","max-image-preview":"max-image-preview:large","max-video-preview":"max-video-preview:-1"},"canonical":"https:\/\/slowlife.ludwigmuseum.hu\/intro\/","og_locale":"de_DE","og_type":"article","og_title":"[:hu]Intro[:en]Intro[:de]Einleitung[:] - SLOW LIFE.","og_description":"Einf\u00fchrung Die Idee der \u201eAusstellung Slow Life. Radikale Praktiken des Alltags\u201c wurde vor fast zwei Jahren vom Kuratorenteam des Ludwig Museums Budapest konzipiert und seither vorbereitet. Man konnte nicht ahnen, dass die f\u00fcr April 2020 geplante, f\u00fcnfmonatige Ausstellungs- und Programmreihe, \u00a0sich mit Themen besch\u00e4ftigen w\u00fcrde, die durch die globale Covid-19-Epidemie unmittelbar bevorstehend und dr\u00e4ngend werden [&hellip;]","og_url":"https:\/\/slowlife.ludwigmuseum.hu\/intro\/","og_site_name":"SLOW LIFE.","article_modified_time":"2021-10-21T08:19:52+00:00","og_image":[{"width":1200,"height":630,"url":"https:\/\/slowlife.ludwigmuseum.hu\/wp-content\/uploads\/2020\/04\/slowlife_1200x630.png","type":"image\/png"}],"twitter_card":"summary_large_image","twitter_image":"https:\/\/slowlife.ludwigmuseum.hu\/wp-content\/uploads\/2020\/04\/slowlife_1024x512.png","twitter_misc":{"Gesch\u00e4tzte Lesezeit":"11\u00a0Minuten"},"schema":{"@context":"https:\/\/schema.org","@graph":[{"@type":"WebPage","@id":"https:\/\/slowlife.ludwigmuseum.hu\/intro\/","url":"https:\/\/slowlife.ludwigmuseum.hu\/intro\/","name":"[:hu]Intro[:en]Intro[:de]Einleitung[:] - SLOW LIFE.","isPartOf":{"@id":"https:\/\/slowlife.ludwigmuseum.hu\/de\/#website"},"primaryImageOfPage":{"@id":"https:\/\/slowlife.ludwigmuseum.hu\/intro\/#primaryimage"},"image":{"@id":"https:\/\/slowlife.ludwigmuseum.hu\/intro\/#primaryimage"},"thumbnailUrl":"http:\/\/slowlife.ludwigmuseum.hu\/wp-content\/uploads\/2021\/07\/slow_logo_sor-800x210.png","datePublished":"2020-03-28T20:54:09+00:00","dateModified":"2021-10-21T08:19:52+00:00","breadcrumb":{"@id":"https:\/\/slowlife.ludwigmuseum.hu\/intro\/#breadcrumb"},"inLanguage":"de","potentialAction":[{"@type":"ReadAction","target":["https:\/\/slowlife.ludwigmuseum.hu\/intro\/"]}]},{"@type":"ImageObject","inLanguage":"de","@id":"https:\/\/slowlife.ludwigmuseum.hu\/intro\/#primaryimage","url":"http:\/\/slowlife.ludwigmuseum.hu\/wp-content\/uploads\/2021\/07\/slow_logo_sor-800x210.png","contentUrl":"http:\/\/slowlife.ludwigmuseum.hu\/wp-content\/uploads\/2021\/07\/slow_logo_sor-800x210.png"},{"@type":"BreadcrumbList","@id":"https:\/\/slowlife.ludwigmuseum.hu\/intro\/#breadcrumb","itemListElement":[{"@type":"ListItem","position":1,"name":"Home","item":"https:\/\/slowlife.ludwigmuseum.hu\/de\/"},{"@type":"ListItem","position":2,"name":"Intro"}]},{"@type":"WebSite","@id":"https:\/\/slowlife.ludwigmuseum.hu\/de\/#website","url":"https:\/\/slowlife.ludwigmuseum.hu\/de\/","name":"SLOW LIFE.","description":"Radikale Praktiken des Alltags","potentialAction":[{"@type":"SearchAction","target":{"@type":"EntryPoint","urlTemplate":"https:\/\/slowlife.ludwigmuseum.hu\/de\/?s={search_term_string}"},"query-input":{"@type":"PropertyValueSpecification","valueRequired":true,"valueName":"search_term_string"}}],"inLanguage":"de"}]}},"_links":{"self":[{"href":"https:\/\/slowlife.ludwigmuseum.hu\/de\/wp-json\/wp\/v2\/pages\/31","targetHints":{"allow":["GET"]}}],"collection":[{"href":"https:\/\/slowlife.ludwigmuseum.hu\/de\/wp-json\/wp\/v2\/pages"}],"about":[{"href":"https:\/\/slowlife.ludwigmuseum.hu\/de\/wp-json\/wp\/v2\/types\/page"}],"author":[{"embeddable":true,"href":"https:\/\/slowlife.ludwigmuseum.hu\/de\/wp-json\/wp\/v2\/users\/1"}],"replies":[{"embeddable":true,"href":"https:\/\/slowlife.ludwigmuseum.hu\/de\/wp-json\/wp\/v2\/comments?post=31"}],"version-history":[{"count":48,"href":"https:\/\/slowlife.ludwigmuseum.hu\/de\/wp-json\/wp\/v2\/pages\/31\/revisions"}],"predecessor-version":[{"id":1583,"href":"https:\/\/slowlife.ludwigmuseum.hu\/de\/wp-json\/wp\/v2\/pages\/31\/revisions\/1583"}],"wp:attachment":[{"href":"https:\/\/slowlife.ludwigmuseum.hu\/de\/wp-json\/wp\/v2\/media?parent=31"}],"curies":[{"name":"wp","href":"https:\/\/api.w.org\/{rel}","templated":true}]}}